{"version":"1.0","provider_name":"Golandpop","provider_url":"https:\/\/golandpop.com","author_name":"Gol&amp;Pop","author_url":"https:\/\/golandpop.com\/index.php\/author\/admin\/","title":"Brasil - Bolivia: se abre la Copa Am\u00e9rica - Golandpop","type":"rich","width":600,"height":338,"html":"<blockquote class=\"wp-embedded-content\" data-secret=\"ojlmpmEds9\"><a href=\"https:\/\/golandpop.com\/index.php\/2019\/06\/13\/brasil-bolivia-se-abre-la-copa-america\/\">Brasil &#8211; Bolivia: se abre la Copa Am\u00e9rica<\/a><\/blockquote><iframe sandbox=\"allow-scripts\" security=\"restricted\" src=\"https:\/\/golandpop.com\/index.php\/2019\/06\/13\/brasil-bolivia-se-abre-la-copa-america\/embed\/#?secret=ojlmpmEds9\" width=\"600\" height=\"338\" title=\"&#8220;Brasil &#8211; Bolivia: se abre la Copa Am\u00e9rica&#8221; &#8212; Golandpop\" data-secret=\"ojlmpmEds9\" frameborder=\"0\" marginwidth=\"0\" marginheight=\"0\" scrolling=\"no\" class=\"wp-embedded-content\"><\/iframe><script type=\"text\/javascript\">\n\/* <![CDATA[ *\/\n\/*! This file is auto-generated *\/\n!function(d,l){\"use strict\";l.querySelector&&d.addEventListener&&\"undefined\"!=typeof URL&&(d.wp=d.wp||{},d.wp.receiveEmbedMessage||(d.wp.receiveEmbedMessage=function(e){var t=e.data;if((t||t.secret||t.message||t.value)&&!\/[^a-zA-Z0-9]\/.test(t.secret)){for(var s,r,n,a=l.querySelectorAll('iframe[data-secret=\"'+t.secret+'\"]'),o=l.querySelectorAll('blockquote[data-secret=\"'+t.secret+'\"]'),c=new RegExp(\"^https?:$\",\"i\"),i=0;i<o.length;i++)o[i].style.display=\"none\";for(i=0;i<a.length;i++)s=a[i],e.source===s.contentWindow&&(s.removeAttribute(\"style\"),\"height\"===t.message?(1e3<(r=parseInt(t.value,10))?r=1e3:~~r<200&&(r=200),s.height=r):\"link\"===t.message&&(r=new URL(s.getAttribute(\"src\")),n=new URL(t.value),c.test(n.protocol))&&n.host===r.host&&l.activeElement===s&&(d.top.location.href=t.value))}},d.addEventListener(\"message\",d.wp.receiveEmbedMessage,!1),l.addEventListener(\"DOMContentLoaded\",function(){for(var e,t,s=l.querySelectorAll(\"iframe.wp-embedded-content\"),r=0;r<s.length;r++)(t=(e=s[r]).getAttribute(\"data-secret\"))||(t=Math.random().toString(36).substring(2,12),e.src+=\"#?secret=\"+t,e.setAttribute(\"data-secret\",t)),e.contentWindow.postMessage({message:\"ready\",secret:t},\"*\")},!1)))}(window,document);\n\/* ]]> *\/\n<\/script>\n","thumbnail_url":"https:\/\/golandpop.com\/wp-content\/uploads\/2019\/06\/brasilvsbolivia-777px.jpg","thumbnail_width":777,"thumbnail_height":486,"description":"Se termin\u00f3 la espera. Este viernes, desde las 21:30, se disputar\u00e1 el primer partido de la Copa Am\u00e9rica Brasil 2019, que tendr\u00e1 el choque de la selecci\u00f3n anfitriona ante Bolivia, partido correspondiente al Grupo A. Toda la acci\u00f3n de la Copa Am\u00e9rica la podr\u00e1s seguir de la mano de Gol &amp; Pop Radio, con transmisiones [&hellip;]"}